{"id":189,"date":"2023-03-11T15:14:56","date_gmt":"2023-03-11T14:14:56","guid":{"rendered":"https:\/\/fabiennefaure.fr\/?page_id=189"},"modified":"2024-03-11T10:43:51","modified_gmt":"2024-03-11T09:43:51","slug":"psychologue-sophrologue","status":"publish","type":"page","link":"https:\/\/fabiennefaure.fr\/?page_id=189","title":{"rendered":"Pourquoi ai-je int\u00e9gr\u00e9 la Sophrologie \u00e0 ma pratique ?"},"content":{"rendered":"\n<div class=\"wp-block-columns is-layout-flex wp-container-core-columns-is-layout-9d6595d7 wp-block-columns-is-layout-flex\">\n<div class=\"wp-block-column is-layout-flow wp-block-column-is-layout-flow\" style=\"flex-basis:66.66%\">\n<p class=\"has-small-font-size\">Selon sa personnalit\u00e9, son \u00e2ge, le moment de vie dans lequel on se trouve, il peut \u00eatre difficile de se rem\u00e9morer son histoire ou de trouver les mots. On ne sait pas par quoi commencer, ni vraiment comment exprimer ses difficult\u00e9s. Et parfois aussi l&rsquo;anxi\u00e9t\u00e9 ou la d\u00e9pression n\u00e9cessite d&rsquo;agir \u00e0 plusieurs niveaux.<\/p>\n\n\n\n<p class=\"has-small-font-size\">C&rsquo;est notamment l\u00e0 que se trouve l&rsquo;int\u00e9r\u00eat de faire appel \u00e0 des techniques compl\u00e9mentaires qui facilitent la d\u00e9tente, l&rsquo;acc\u00e8s aux \u00e9motions et \u00e0 la r\u00eaverie. J&rsquo;ai choisi pour cela d&rsquo;<strong>\u00e9largir ainsi mon arsenal th\u00e9rapeutique<\/strong> en devenant Sophrologue.<\/p>\n\n\n\n<p class=\"has-small-font-size\">Par souci d&rsquo;efficacit\u00e9, il n&rsquo;est pas rare que les sophrologues et les psychologues travaillent <strong>en compl\u00e9mentarit\u00e9<\/strong>. Les sophrologues peuvent adresser leurs clients vers un psychologue et r\u00e9ciproquement. Il peut \u00eatre tr\u00e8s enrichissant que ces deux approches compl\u00e9mentaires soient port\u00e9es par deux professionnels diff\u00e9rents. Pour autant, pratiquer la sophrologie en psychoth\u00e9rapie peut aussi \u00eatre une fa\u00e7on de d\u00e9couvrir cette pratique et d&rsquo;en vivre les b\u00e9n\u00e9fices.<\/p>\n\n\n\n<p class=\"has-small-font-size\">De fa\u00e7on assez sch\u00e9matique dans un travail psychologique, nous cherchons \u00e0 r\u00e9pondre au <strong>\u00ab\u00a0Pourquoi?\u00a0\u00bb<\/strong> : <em>Pourquoi je ressens certaines \u00e9motions ? Pourquoi je me retrouve dans telle ou telle situation?&#8230; <\/em>La Sophrologie va plut\u00f4t permettre de r\u00e9pondre au <strong>\u00ab\u00a0Comment ?\u00a0\u00bb<\/strong> : <em>Comment g\u00e9rer mes \u00e9motions ? Comment faire face \u00e0 une situation difficile ?&#8230;<\/em><\/p>\n<\/div>\n\n\n\n<div class=\"wp-block-column is-layout-flow wp-block-column-is-layout-flow\" style=\"flex-basis:33.33%\">\n<p class=\"has-text-align-right has-medium-font-size\"><\/p>\n\n\n\n<p><\/p>\n\n\n\n<p><\/p>\n\n\n\n<p><\/p>\n\n\n\n<blockquote class=\"wp-block-quote has-small-font-size is-layout-flow wp-block-quote-is-layout-flow\">\n<p class=\"has-small-font-size\"><strong><em>De fa\u00e7on assez sch\u00e9matique : <\/em><\/strong><\/p>\n\n\n\n<p class=\"has-background has-small-font-size\" style=\"background-color:#bdeab5\">En psychologie, on va avoir tendance \u00e0 se centrer sur le <strong><em>Pourquoi<\/em><\/strong> ? <\/p>\n\n\n\n<p class=\"has-background has-small-font-size\" style=\"background-color:#bdeab5\">En sophrologie, on sera centr\u00e9 sur le <strong><em>Comment ? <\/em><\/strong> <\/p>\n<\/blockquote>\n<\/div>\n<\/div>\n\n\n\n<p class=\"has-small-font-size\">Avec les outils de la sophrologie je vais vous aider \u00e0 faire \u00e9merger des images, des couleurs et des souvenirs qui seront mobilis\u00e9s dans le travail psychologique. Et \u00e0 l\u2019inverse, prendre conscience et certaines choses, comprendre son histoire et lui donner du sens favorisera votre possibilit\u00e9 de vivre en profondeur les ressentis corporels et \u00e9motionnels mobilis\u00e9s gr\u00e2ce aux outils de la sophrologie.<\/p>\n\n\n\n<p><\/p>\n\n\n\n<h2 class=\"wp-block-heading\">Prendre en compte le corps et le mental car les deux sont intimement li\u00e9s<\/h2>\n\n\n\n<p class=\"has-small-font-size\">Pour moi, int\u00e9grer la sophrologie \u00e0 ma pratique, c&rsquo;est <strong>faire un travail de synth\u00e8se entre diff\u00e9rentes techniques et vous permettre d&rsquo;\u00eatre pris(e) en compte dans votre int\u00e9gralit\u00e9 pour apaiser le corps et le mental.<\/strong> Car les deux sont intimement li\u00e9s.<\/p>\n\n\n\n<p class=\"has-small-font-size\">Vous \u00eates unique et chaque accompagnement s&rsquo;adapte \u00e0 la personne, \u00e0 ses besoins et sa demande, son d\u00e9sir, son rythme.<\/p>\n\n\n\n<p class=\"has-small-font-size\">Mon ambition est qu&rsquo;au terme du chemin parcouru ensemble, vous vous sentiez <strong>lib\u00e9r\u00e9(e)s<\/strong> mais aussi avec de <strong>nouvelles capacit\u00e9s<\/strong> pour parvenir aux changements d\u00e9sir\u00e9s et continuer \u00e0 avancer dans votre vie.<\/p>\n\n\n\n<div class=\"wp-block-columns is-layout-flex wp-container-core-columns-is-layout-9d6595d7 wp-block-columns-is-layout-flex\">\n<div class=\"wp-block-column is-layout-flow wp-block-column-is-layout-flow\" style=\"flex-basis:33.33%\"><div class=\"wp-block-image\">\n<figure class=\"aligncenter size-large is-resized\"><img loading=\"lazy\" decoding=\"async\" width=\"683\" height=\"1024\" src=\"https:\/\/fabiennefaure.fr\/wp-content\/uploads\/2023\/09\/Fabienne-Faure-psychologue-dans-son-bureau-sourire-consultation-683x1024.jpg\" alt=\"\" class=\"wp-image-902\" style=\"width:257px;height:385px\" srcset=\"https:\/\/fabiennefaure.fr\/wp-content\/uploads\/2023\/09\/Fabienne-Faure-psychologue-dans-son-bureau-sourire-consultation-683x1024.jpg 683w, https:\/\/fabiennefaure.fr\/wp-content\/uploads\/2023\/09\/Fabienne-Faure-psychologue-dans-son-bureau-sourire-consultation-200x300.jpg 200w, https:\/\/fabiennefaure.fr\/wp-content\/uploads\/2023\/09\/Fabienne-Faure-psychologue-dans-son-bureau-sourire-consultation-768x1152.jpg 768w, https:\/\/fabiennefaure.fr\/wp-content\/uploads\/2023\/09\/Fabienne-Faure-psychologue-dans-son-bureau-sourire-consultation-1024x1536.jpg 1024w, https:\/\/fabiennefaure.fr\/wp-content\/uploads\/2023\/09\/Fabienne-Faure-psychologue-dans-son-bureau-sourire-consultation-1366x2048.jpg 1366w, https:\/\/fabiennefaure.fr\/wp-content\/uploads\/2023\/09\/Fabienne-Faure-psychologue-dans-son-bureau-sourire-consultation.jpg 1667w\" sizes=\"auto, (max-width: 683px) 100vw, 683px\" \/><\/figure>\n<\/div><\/div>\n\n\n\n<div class=\"wp-block-column has-white-background-color has-background has-medium-font-size is-layout-flow wp-block-column-is-layout-flow\" style=\"flex-basis:66.66%\">\n<p class=\"has-text-align-center has-background has-small-font-size\" style=\"background-color:#fcb90040\"><strong>En tant psychologue, je serais une sorte de guide pour cheminer dans votre histoire de vie<\/strong><\/p>\n\n\n\n<p class=\"has-text-align-center has-white-background-color has-background has-medium-font-size\"><\/p>\n<\/div>\n<\/div>\n\n\n\n<div class=\"wp-block-columns are-vertically-aligned-center is-layout-flex wp-container-core-columns-is-layout-9d6595d7 wp-block-columns-is-layout-flex\">\n<div class=\"wp-block-column is-vertically-aligned-center is-layout-flow wp-block-column-is-layout-flow\" style=\"flex-basis:66.66%\">\n<p><\/p>\n\n\n\n<p class=\"has-background has-small-font-size\" style=\"background-color:#fcb90040\"><strong>Mes outils de Sophrologue me permettront de vous transmettre des techniques de relaxation et de gestion des \u00e9motions pour vous retrouver dans le pr\u00e9sent puis cheminer dans votre vie de fa\u00e7on autonome <\/strong><\/p>\n\n\n\n<p><\/p>\n\n\n\n<p class=\"has-text-align-left has-medium-font-size\"><\/p>\n<\/div>\n\n\n\n<div class=\"wp-block-column is-vertically-aligned-center is-layout-flow wp-block-column-is-layout-flow\" style=\"flex-basis:33.33%\">\n<figure class=\"wp-block-image alignfull size-large\"><img loading=\"lazy\" decoding=\"async\" width=\"1024\" height=\"740\" src=\"https:\/\/fabiennefaure.fr\/wp-content\/uploads\/2023\/09\/Fabienne-Faure-Psychologue-respiration-dans-la-Tiny-House-1024x740.jpg\" alt=\"\" class=\"wp-image-866\" style=\"aspect-ratio:3\/4;object-fit:contain\" srcset=\"https:\/\/fabiennefaure.fr\/wp-content\/uploads\/2023\/09\/Fabienne-Faure-Psychologue-respiration-dans-la-Tiny-House-1024x740.jpg 1024w, https:\/\/fabiennefaure.fr\/wp-content\/uploads\/2023\/09\/Fabienne-Faure-Psychologue-respiration-dans-la-Tiny-House-300x217.jpg 300w, https:\/\/fabiennefaure.fr\/wp-content\/uploads\/2023\/09\/Fabienne-Faure-Psychologue-respiration-dans-la-Tiny-House-768x555.jpg 768w, https:\/\/fabiennefaure.fr\/wp-content\/uploads\/2023\/09\/Fabienne-Faure-Psychologue-respiration-dans-la-Tiny-House-1536x1110.jpg 1536w, https:\/\/fabiennefaure.fr\/wp-content\/uploads\/2023\/09\/Fabienne-Faure-Psychologue-respiration-dans-la-Tiny-House-2048x1479.jpg 2048w\" sizes=\"auto, (max-width: 1024px) 100vw, 1024px\" \/><\/figure>\n<\/div>\n<\/div>\n\n\n\n<p> <\/p>\n","protected":false},"excerpt":{"rendered":"<p>Selon sa personnalit\u00e9, son \u00e2ge, le moment de vie dans lequel on se trouve, il peut \u00eatre difficile de se rem\u00e9morer son histoire ou de trouver les mots. On ne sait pas par quoi commencer, ni vraiment comment exprimer ses difficult\u00e9s. Et parfois aussi l&rsquo;anxi\u00e9t\u00e9 ou la d\u00e9pression n\u00e9cessite d&rsquo;agir \u00e0 plusieurs niveaux. C&rsquo;est notamment <a class=\"read-more\" href=\"https:\/\/fabiennefaure.fr\/?page_id=189\">READ MORE<\/a><\/p>\n","protected":false},"author":1,"featured_media":0,"parent":0,"menu_order":0,"comment_status":"closed","ping_status":"closed","template":"","meta":{"footnotes":""},"class_list":["post-189","page","type-page","status-publish","hentry"],"_links":{"self":[{"href":"https:\/\/fabiennefaure.fr\/index.php?rest_route=\/wp\/v2\/pages\/189","targetHints":{"allow":["GET"]}}],"collection":[{"href":"https:\/\/fabiennefaure.fr\/index.php?rest_route=\/wp\/v2\/pages"}],"about":[{"href":"https:\/\/fabiennefaure.fr\/index.php?rest_route=\/wp\/v2\/types\/page"}],"author":[{"embeddable":true,"href":"https:\/\/fabiennefaure.fr\/index.php?rest_route=\/wp\/v2\/users\/1"}],"replies":[{"embeddable":true,"href":"https:\/\/fabiennefaure.fr\/index.php?rest_route=%2Fwp%2Fv2%2Fcomments&post=189"}],"version-history":[{"count":54,"href":"https:\/\/fabiennefaure.fr\/index.php?rest_route=\/wp\/v2\/pages\/189\/revisions"}],"predecessor-version":[{"id":1000,"href":"https:\/\/fabiennefaure.fr\/index.php?rest_route=\/wp\/v2\/pages\/189\/revisions\/1000"}],"wp:attachment":[{"href":"https:\/\/fabiennefaure.fr\/index.php?rest_route=%2Fwp%2Fv2%2Fmedia&parent=189"}],"curies":[{"name":"wp","href":"https:\/\/api.w.org\/{rel}","templated":true}]}}